{"id":29420,"date":"2023-11-08T11:27:36","date_gmt":"2023-11-08T10:27:36","guid":{"rendered":"https:\/\/pfatest.saarlb.com\/veranstaltung\/webinaire-profil-salaire-contrat-comment-bien-recruter-en-allemagne\/"},"modified":"2023-11-08T11:32:32","modified_gmt":"2023-11-08T10:32:32","slug":"webinaire-profil-salaire-contrat-comment-bien-recruter-en-allemagne","status":"publish","type":"slb_events","link":"https:\/\/pfatest.saarlb.com\/fr\/veranstaltung\/webinaire-profil-salaire-contrat-comment-bien-recruter-en-allemagne\/","title":{"rendered":"Webinaire &#8211; Profil, salaire, contrat : comment bien recruter en Allemagne\u00a0?"},"content":{"rendered":"\n<div style=\"height:20px\" aria-hidden=\"true\" class=\"wp-block-spacer\"><\/div>\n\n<p>Un webinaire de notre partenaire\u00a0<a href=\"https:\/\/www.ccifrance-allemagne.fr\/\" target=\"_blank\" rel=\"noreferrer noopener\"><strong>CCFA \/ CCI France Allemagne<\/strong><\/a>\u00a0en langue fran\u00e7aise.<\/p>\n\n<p>La recherche de talents en Allemagne, notamment sur les fonctions commerciales, s&rsquo;av\u00e8re difficile pour des entreprises \u00e9trang\u00e8res, en phase de d\u00e9marrage dans le pays et n\u00e9cessitant des profils impliqu\u00e9s et ing\u00e9nieux.<\/p>\n\n<p>Pour r\u00e9ussir son recrutement en Allemagne, il faut tenir compte de nombreux param\u00e8tres <strong>culturels, \u00e9conomiques, juridiques et sociaux.<\/strong><\/p>\n\n<p>Ajoutez \u00e0 cela une attente plus importante en termes de <strong>salaires, de r\u00e9activit\u00e9 et de flexibilit\u00e9<\/strong> dans un contexte de forte concurrence internationale : l\u2019identification et le recrutement du profil qui saura porter vos projets en Allemagne deviendra rapidement une t\u00e2che complexe.<\/p>\n\n<p>Nous vous pr\u00e9senterons au cours de ce webinaire les bonnes pratiques pour :<\/p>\n\n<p>Rejoignez-nous pour v\u00e9rifier si votre entreprise est pr\u00eate pour <strong>recruter une force de vente en Allemagne<\/strong> et conna\u00eetre les bonnes pratiques qui vous permettront d\u2019attirer les bons profils et de les fid\u00e9liser sur un march\u00e9 aussi tendu que l\u2019Allemagne.<\/p>\n\n<p>En fin de session, nous vous pr\u00e9senterons quelques cas pratiques de strat\u00e9gies et prendrons le temps de r\u00e9pondre \u00e0 vos questions.<\/p>\n\n<div style=\"height:20px\" aria-hidden=\"true\" class=\"wp-block-spacer\"><\/div>\n\n<p>N\u2019h\u00e9sitez pas \u00e0 solliciter l\u2019\u00e9quipe de la CCI France Allemagne au +49 681 9963 132 pour des renseignements compl\u00e9mentaires.<\/p>\n","protected":false},"excerpt":{"rendered":"<p>Un webinaire de notre partenaire\u00a0CCFA \/ CCI France Allemagne\u00a0en langue fran\u00e7aise. La recherche de talents en Allemagne, notamment sur les fonctions commerciales, s&rsquo;av\u00e8re difficile pour des entreprises \u00e9trang\u00e8res, en phase de d\u00e9marrage dans le pays et n\u00e9cessitant des profils impliqu\u00e9s et ing\u00e9nieux. Pour r\u00e9ussir son recrutement en Allemagne, il faut tenir compte de nombreux param\u00e8tres [&hellip;]<\/p>\n","protected":false},"featured_media":29416,"parent":0,"template":"","format":"standard","meta":{"_acf_changed":false,"footnotes":"","_links_to":"","_links_to_target":""},"class_list":["post-29420","slb_events","type-slb_events","status-publish","format-standard","has-post-thumbnail","hentry"],"acf":{"event_startdatum":"2024-04-04 11:00:00","event_enddatum":"","event_externer_link":"https:\/\/attendee.gotowebinar.com\/register\/3576358816097001052?source=PFA","event_ort":"Webinaire"},"_links":{"self":[{"href":"https:\/\/pfatest.saarlb.com\/fr\/wp-json\/wp\/v2\/slb_events\/29420","targetHints":{"allow":["GET"]}}],"collection":[{"href":"https:\/\/pfatest.saarlb.com\/fr\/wp-json\/wp\/v2\/slb_events"}],"about":[{"href":"https:\/\/pfatest.saarlb.com\/fr\/wp-json\/wp\/v2\/types\/slb_events"}],"version-history":[{"count":0,"href":"https:\/\/pfatest.saarlb.com\/fr\/wp-json\/wp\/v2\/slb_events\/29420\/revisions"}],"wp:featuredmedia":[{"embeddable":true,"href":"https:\/\/pfatest.saarlb.com\/fr\/wp-json\/wp\/v2\/media\/29416"}],"wp:attachment":[{"href":"https:\/\/pfatest.saarlb.com\/fr\/wp-json\/wp\/v2\/media?parent=29420"}],"curies":[{"name":"wp","href":"https:\/\/api.w.org\/{rel}","templated":true}]}}