{"id":29412,"date":"2023-11-08T11:17:12","date_gmt":"2023-11-08T10:17:12","guid":{"rendered":"https:\/\/pfatest.saarlb.com\/veranstaltung\/webinaire-comment-utiliser-le-marketing-digital-pour-accelerer-en-allemagne\/"},"modified":"2023-11-08T11:31:01","modified_gmt":"2023-11-08T10:31:01","slug":"webinaire-comment-utiliser-le-marketing-digital-pour-accelerer-en-allemagne","status":"publish","type":"slb_events","link":"https:\/\/pfatest.saarlb.com\/fr\/veranstaltung\/webinaire-comment-utiliser-le-marketing-digital-pour-accelerer-en-allemagne\/","title":{"rendered":"Webinaire &#8211; Comment utiliser le marketing digital pour acc\u00e9l\u00e9rer en Allemagne\u00a0?"},"content":{"rendered":"\n<div style=\"height:20px\" aria-hidden=\"true\" class=\"wp-block-spacer\"><\/div>\n\n<p>Un webinaire de notre partenaire\u00a0<a href=\"https:\/\/www.ccifrance-allemagne.fr\/\" target=\"_blank\" rel=\"noreferrer noopener\"><strong>CCFA \/ CCI France Allemagne<\/strong><\/a>\u00a0en langue fran\u00e7aise.<\/p>\n\n<p>Le marketing digital est devenu, pour toutes entreprises, un levier incontournable pour <strong>booster son d\u00e9veloppement commercial<\/strong>.<\/p>\n\n<p>Non seulement, il vous permettra d\u2018<strong>am\u00e9liorer votre visibilit\u00e9<\/strong> mais aussi votre <strong>cr\u00e9dibilit\u00e9<\/strong>, un crit\u00e8re indispensable pour r\u00e9ussir sur le march\u00e9 allemand.<\/p>\n\n<p>Alors, comment \u00eatre visible sur Internet pour multiplier ses chances d\u2018accro\u00eetre sa client\u00e8le\u00a0?<\/p>\n\n<p>Nous aborderons lors de ce webinaire les \u00e9tapes cl\u00e9 pour mettre en place et piloter une strat\u00e9gie de marketing digitale efficace en Allemagne\u00a0:<\/p>\n\n<p><strong>G\u00e9n\u00e9rer des leads\u00a0:<\/strong><\/p>\n\n<ul class=\"wp-block-list\">\n<li>Site internet ou Landing Page<\/li>\n\n\n\n<li>R\u00e9f\u00e9rencement : SEO vs SEA<\/li>\n\n\n\n<li>Optimisation des r\u00e9seaux sociaux<\/li>\n\n\n\n<li>Production de contenu (blog, newsletter, livre blanc\u2026)<\/li>\n<\/ul>\n\n<p><strong>Traiter les leads et optimiser sa client\u00e8le en Allemagne :<\/strong><\/p>\n\n<ul class=\"wp-block-list\">\n<li>Offrir des Capacit\u00e9s de service \/ gestion clients germanis\u00e9<\/li>\n\n\n\n<li>Disposer d\u2019un outil commercial structur\u00e9 et offensif gr\u00e2ce \u00e0 la force de vente externalis\u00e9e.<\/li>\n<\/ul>\n\n<p>Aur\u00e9lie Devillard, Consultante \u00e0 la CCI France Allemagne, et Nicolas Wodtke, CEO de l\u2019agence marketing franco-allemande WOMBAT, pr\u00e9senteront les diff\u00e9rents leviers marketing \u00e0 votre disposition et feront des recommandations concr\u00e8tes.<\/p>\n\n<div style=\"height:20px\" aria-hidden=\"true\" class=\"wp-block-spacer\"><\/div>\n\n<p>N\u2019h\u00e9sitez pas \u00e0 solliciter l\u2019\u00e9quipe de la CCI France Allemagne au +49 681 9963 132 pour des renseignements compl\u00e9mentaires.<\/p>\n","protected":false},"excerpt":{"rendered":"<p>Un webinaire de notre partenaire\u00a0CCFA \/ CCI France Allemagne\u00a0en langue fran\u00e7aise. Le marketing digital est devenu, pour toutes entreprises, un levier incontournable pour booster son d\u00e9veloppement commercial. Non seulement, il vous permettra d\u2018am\u00e9liorer votre visibilit\u00e9 mais aussi votre cr\u00e9dibilit\u00e9, un crit\u00e8re indispensable pour r\u00e9ussir sur le march\u00e9 allemand. Alors, comment \u00eatre visible sur Internet pour [&hellip;]<\/p>\n","protected":false},"featured_media":29409,"parent":0,"template":"","format":"standard","meta":{"_acf_changed":false,"footnotes":"","_links_to":"","_links_to_target":""},"class_list":["post-29412","slb_events","type-slb_events","status-publish","format-standard","has-post-thumbnail","hentry"],"acf":{"event_startdatum":"2024-03-14 11:00:00","event_enddatum":"","event_externer_link":"https:\/\/attendee.gotowebinar.com\/register\/2401865992864022876?source=PFA","event_ort":"Webinaire"},"_links":{"self":[{"href":"https:\/\/pfatest.saarlb.com\/fr\/wp-json\/wp\/v2\/slb_events\/29412","targetHints":{"allow":["GET"]}}],"collection":[{"href":"https:\/\/pfatest.saarlb.com\/fr\/wp-json\/wp\/v2\/slb_events"}],"about":[{"href":"https:\/\/pfatest.saarlb.com\/fr\/wp-json\/wp\/v2\/types\/slb_events"}],"version-history":[{"count":0,"href":"https:\/\/pfatest.saarlb.com\/fr\/wp-json\/wp\/v2\/slb_events\/29412\/revisions"}],"wp:featuredmedia":[{"embeddable":true,"href":"https:\/\/pfatest.saarlb.com\/fr\/wp-json\/wp\/v2\/media\/29409"}],"wp:attachment":[{"href":"https:\/\/pfatest.saarlb.com\/fr\/wp-json\/wp\/v2\/media?parent=29412"}],"curies":[{"name":"wp","href":"https:\/\/api.w.org\/{rel}","templated":true}]}}